{"id":148,"date":"2022-02-22T09:15:57","date_gmt":"2022-02-22T08:15:57","guid":{"rendered":"https:\/\/eltecno.se\/?page_id=148"},"modified":"2026-09-03T07:44:16","modified_gmt":"2026-09-03T05:44:16","slug":"karriar","status":"publish","type":"page","link":"https:\/\/eltecno.se\/?page_id=148","title":{"rendered":"Karri\u00e4r"},"content":{"rendered":"\t\t<div data-elementor-type=\"wp-page\" data-elementor-id=\"148\" class=\"elementor elementor-148\">\n\t\t\t\t<div class=\"elementor-element elementor-element-34d4fa4 e-flex e-con-boxed e-con e-parent\" data-id=\"34d4fa4\" data-element_type=\"container\" data-e-type=\"container\">\n\t\t\t\t\t<div class=\"e-con-inner\">\n\t\t\t\t<div class=\"elementor-element elementor-element-f9ec8bd elementor-widget elementor-widget-spacer\" data-id=\"f9ec8bd\" data-element_type=\"widget\" data-e-type=\"widget\" data-widget_type=\"spacer.default\">\n\t\t\t\t\t\t\t<div class=\"elementor-spacer\">\n\t\t\t<div class=\"elementor-spacer-inner\"><\/div>\n\t\t<\/div>\n\t\t\t\t\t\t<\/div>\n\t\t\t\t<div class=\"elementor-element elementor-element-e5039bd elementor-widget elementor-widget-heading\" data-id=\"e5039bd\" data-element_type=\"widget\" data-e-type=\"widget\" data-widget_type=\"heading.default\">\n\t\t\t\t\t<h2 class=\"elementor-heading-title elementor-size-default\">Jobba hos oss!<\/h2>\t\t\t\t<\/div>\n\t\t\t\t<div class=\"elementor-element elementor-element-fb0358d elementor-widget elementor-widget-text-editor\" data-id=\"fb0358d\" data-element_type=\"widget\" data-e-type=\"widget\" data-widget_type=\"text-editor.default\">\n\t\t\t\t\t\t\t\t\t<p data-start=\"0\" data-end=\"273\">Hos Eltecno tror vi att v\u00e4gen till framg\u00e5ng b\u00f6rjar med m\u00e4nniskorna bakom tekniken. Vi \u00e4r ett v\u00e4xande f\u00f6retag med stark sammanh\u00e5llning, h\u00f6g kompetens och en gemensam drivkraft att skapa trygga och smarta elcentraler f\u00f6r framtidens Sverige.\u00a0<span style=\"font-style: inherit; font-weight: inherit;\">Vi s\u00f6ker dig som vill v\u00e4xa tillsammans med oss, en lagspelare som tar initiativ, brinner f\u00f6r kvalitet och gillar att se resultatet av sitt arbete. Hos oss f\u00e5r du arbeta n\u00e4ra b\u00e5de produktion, design och utveckling i v\u00e5ra egna lokaler i Vellinge, s\u00f6der om Malm\u00f6.\u00a0<\/span><span style=\"font-style: inherit; font-weight: inherit;\">Eltecno grundades 1993 och \u00e4r idag en ledande svensk tillverkare av elcentraler, st\u00e4llverk och specialanpassade l\u00f6sningar. Med cirka 60 anst\u00e4llda kombinerar vi erfarenhet, innovation och hantverk i varje projekt.<\/span><\/p><p data-start=\"744\" data-end=\"892\">Vill du bli en del av v\u00e5rt team? Nedan hittar du v\u00e5ra aktuella lediga tj\u00e4nster. Hittar du ingen roll som passar just nu? F\u00f6lj oss p\u00e5 <a href=\"https:\/\/www.linkedin.com\/company\/781168\"><strong data-start=\"100\" data-end=\"112\">LinkedIn<\/strong><\/a>, d\u00e4r vi st\u00e4ndigt publicerar nya m\u00f6jligheter att bli en del av Eltecno-teamet.<\/p>\t\t\t\t\t\t\t\t<\/div>\n\t\t\t\t<div class=\"elementor-element elementor-element-c180d09 elementor-widget elementor-widget-image\" data-id=\"c180d09\" data-element_type=\"widget\" data-e-type=\"widget\" data-widget_type=\"image.default\">\n\t\t\t\t\t\t\t\t\t\t\t\t\t\t\t\t<a href=\"https:\/\/www.linkedin.com\/company\/781168\">\n\t\t\t\t\t\t\t<img decoding=\"async\" width=\"300\" height=\"76\" src=\"https:\/\/eltecno.se\/wp-content\/uploads\/2025\/10\/Linkedin-logo-liggande-300x76.png\" class=\"attachment-thumbnail size-thumbnail wp-image-4145\" alt=\"Linkedin logo liggande\" srcset=\"https:\/\/eltecno.se\/wp-content\/uploads\/2025\/10\/Linkedin-logo-liggande-300x76.png 300w, https:\/\/eltecno.se\/wp-content\/uploads\/2025\/10\/Linkedin-logo-liggande-600x152.png 600w, https:\/\/eltecno.se\/wp-content\/uploads\/2025\/10\/Linkedin-logo-liggande.png 726w\" sizes=\"(max-width: 300px) 100vw, 300px\" \/>\t\t\t\t\t\t\t\t<\/a>\n\t\t\t\t\t\t\t\t\t\t\t\t\t\t\t<\/div>\n\t\t\t\t\t<\/div>\n\t\t\t\t<\/div>\n\t\t<div class=\"elementor-element elementor-element-fc9c904 e-flex e-con-boxed e-con e-parent\" data-id=\"fc9c904\" data-element_type=\"container\" data-e-type=\"container\">\n\t\t\t\t\t<div class=\"e-con-inner\">\n\t\t\t\t<div class=\"elementor-element elementor-element-f7ce32b elementor-widget elementor-widget-spacer\" data-id=\"f7ce32b\" data-element_type=\"widget\" data-e-type=\"widget\" data-widget_type=\"spacer.default\">\n\t\t\t\t\t\t\t<div class=\"elementor-spacer\">\n\t\t\t<div class=\"elementor-spacer-inner\"><\/div>\n\t\t<\/div>\n\t\t\t\t\t\t<\/div>\n\t\t\t\t<div class=\"elementor-element elementor-element-761cb7c elementor-widget elementor-widget-heading\" data-id=\"761cb7c\" data-element_type=\"widget\" data-e-type=\"widget\" data-widget_type=\"heading.default\">\n\t\t\t\t\t<h2 class=\"elementor-heading-title elementor-size-default\">Vi s\u00f6ker en projektledare<\/h2>\t\t\t\t<\/div>\n\t\t\t\t<div class=\"elementor-element elementor-element-ffaeb66 elementor-widget elementor-widget-text-editor\" data-id=\"ffaeb66\" data-element_type=\"widget\" data-e-type=\"widget\" data-widget_type=\"text-editor.default\">\n\t\t\t\t\t\t\t\t\t<p>Vill du leda tekniskt sp\u00e4nnande projekt fr\u00e5n id\u00e9 till f\u00e4rdig l\u00f6sning och bli en nyckelperson i ett v\u00e4xande bolag med stark framtidstro?<\/p><p>Eltecno s\u00f6ker nu\u00a0 efter en Projektledare som vill ta ansvar f\u00f6r kundunika projekt och vara l\u00e4nken mellan kund, teknik och leverans. H\u00e4r f\u00e5r du en central roll d\u00e4r du driver projekt fram\u00e5t, s\u00e4kerst\u00e4ller h\u00f6g kvalitet och bygger l\u00e5ngsiktiga relationer med b\u00e5de kunder och kollegor.<\/p><p>Hos Eltecno blir du en del av ett f\u00f6retag med h\u00f6g teknisk kompetens, korta beslutsv\u00e4gar och ett starkt engagemang f\u00f6r att leverera l\u00f6sningar som skapar verkligt v\u00e4rde. Rollen erbjuder en varierad vardag d\u00e4r teknik, aff\u00e4rer och m\u00e4nniskor m\u00f6ts.<\/p><p>Rollen passar dig som:<br \/>\u2714 Har erfarenhet av projektledning inom teknik, industri eller n\u00e4rliggande bransch<br \/>\u2714 Trivs med att koordinera resurser, aktiviteter och leveranser<br \/>\u2714 \u00c4r van vid kundkontakt och att bygga l\u00e5ngsiktiga relationer<br \/>\u2714 Har god teknisk f\u00f6rst\u00e5else och f\u00f6rm\u00e5ga att s\u00e4tta dig in i komplexa l\u00f6sningar<br \/>\u2714 \u00c4r strukturerad, kommunikativ och drivs av att skapa resultat tillsammans med andra<\/p><p>I den h\u00e4r rollen f\u00e5r du m\u00f6jlighet att p\u00e5verka, utveckla arbetss\u00e4tt och vara en viktig del av f\u00f6retagets fortsatta tillv\u00e4xt. Du arbetar n\u00e4ra b\u00e5de kunder och interna funktioner, vilket ger dig stor insyn i verksamheten och m\u00f6jlighet att g\u00f6ra skillnad varje dag.<\/p><p>Placering: Vellinge<\/p><p>Urval sker l\u00f6pande, s\u00e5 v\u00e4nta inte med din ans\u00f6kan!<\/p><p>Du s\u00f6ker tj\u00e4nsten genom l\u00e4nken nedan.<\/p>\t\t\t\t\t\t\t\t<\/div>\n\t\t\t\t<div class=\"elementor-element elementor-element-0083a0d elementor-widget elementor-widget-button\" data-id=\"0083a0d\" data-element_type=\"widget\" data-e-type=\"widget\" data-widget_type=\"button.default\">\n\t\t\t\t\t\t\t\t\t\t<a class=\"elementor-button elementor-button-link elementor-size-sm\" href=\"https:\/\/apply.workspacerecruit.com\/company\/eltecnoivellingeab\/projektledaretilleltecnoivellinge-17916\/?type=enterprise_portal\">\n\t\t\t\t\t\t<span class=\"elementor-button-content-wrapper\">\n\t\t\t\t\t\t\t\t\t<span class=\"elementor-button-text\">Ans\u00f6k h\u00e4r<\/span>\n\t\t\t\t\t<\/span>\n\t\t\t\t\t<\/a>\n\t\t\t\t\t\t\t\t<\/div>\n\t\t\t\t\t<\/div>\n\t\t\t\t<\/div>\n\t\t<div class=\"elementor-element elementor-element-3db56c7 e-flex e-con-boxed e-con e-parent\" data-id=\"3db56c7\" data-element_type=\"container\" data-e-type=\"container\">\n\t\t\t\t\t<div class=\"e-con-inner\">\n\t\t\t\t<div class=\"elementor-element elementor-element-022731f elementor-widget elementor-widget-spacer\" data-id=\"022731f\" data-element_type=\"widget\" data-e-type=\"widget\" data-widget_type=\"spacer.default\">\n\t\t\t\t\t\t\t<div class=\"elementor-spacer\">\n\t\t\t<div class=\"elementor-spacer-inner\"><\/div>\n\t\t<\/div>\n\t\t\t\t\t\t<\/div>\n\t\t\t\t<div class=\"elementor-element elementor-element-39c1d15 elementor-widget elementor-widget-heading\" data-id=\"39c1d15\" data-element_type=\"widget\" data-e-type=\"widget\" data-widget_type=\"heading.default\">\n\t\t\t\t\t<h2 class=\"elementor-heading-title elementor-size-default\">Vi s\u00f6ker en Ledande st\u00e4llverksmont\u00f6r och \nen Senior st\u00e4llverksmont\u00f6r med expertkunskap!<\/h2>\t\t\t\t<\/div>\n\t\t\t\t<div class=\"elementor-element elementor-element-abacb64 elementor-widget elementor-widget-text-editor\" data-id=\"abacb64\" data-element_type=\"widget\" data-e-type=\"widget\" data-widget_type=\"text-editor.default\">\n\t\t\t\t\t\t\t\t\t<p class=\"isSelectedEnd\">ELTECNO I VELLINGE S\u00d6KER ERFARNA ST\u00c4LLVERKSMONT\u00d6RER<\/p><p class=\"isSelectedEnd\">Ledande st\u00e4llverksmont\u00f6r och Senior st\u00e4llverksmont\u00f6r<\/p><p class=\"isSelectedEnd\">Kan du st\u00e4llverk p\u00e5 riktigt?<\/p><p class=\"isSelectedEnd\">Eltecno v\u00e4xer och s\u00f6ker nu tv\u00e5 erfarna st\u00e4llverksmont\u00f6rer till v\u00e5r produktion i Vellinge. Vi s\u00f6ker dig som har flera \u00e5rs erfarenhet, h\u00f6g teknisk kompetens och yrkesstolthet i varje detalj.<\/p><p class=\"isSelectedEnd\">OM ROLLERNA<br \/>Ledande st\u00e4llverksmont\u00f6r<br \/>Du leder det dagliga arbetet p\u00e5 avdelningen och ansvarar f\u00f6r planering, kvalitet och produktionsfl\u00f6de fr\u00e5n ritning till f\u00e4rdig leverans.<\/p><p class=\"isSelectedEnd\">Senior st\u00e4llverksmont\u00f6r<br \/>Du arbetar sj\u00e4lvst\u00e4ndigt med avancerat montage av l\u00e5gsp\u00e4nningsst\u00e4llverk och ansvarar f\u00f6r kvalitet, egenkontroll och tekniskt utf\u00f6rande.<\/p><p class=\"isSelectedEnd\">VI S\u00d6KER DIG SOM HAR<br \/>\u2022 Flera \u00e5rs erfarenhet av montage av l\u00e5gsp\u00e4nningsst\u00e4llverk<br \/>\u2022 Mycket god vana av ritningsl\u00e4sning<br \/>\u2022 Teknisk f\u00f6rst\u00e5else f\u00f6r konstruktion och kapslingar<br \/>\u2022 Erfarenhet av aff\u00e4rssystem, g\u00e4rna Monitor<br \/>\u2022 Erfarenhet av Finnelkomp-st\u00e4llverk \u00e4r starkt meriterande, s\u00e4rskilt f\u00f6r den ledande rollen<\/p><p class=\"isSelectedEnd\">Du \u00e4r noggrann, ansvarstagande och trivs med tekniska utmaningar.<\/p><p class=\"isSelectedEnd\">VI ERBJUDER<br \/>\u2022 En stabil arbetsplats med h\u00f6g teknisk kompetens<br \/>\u2022 Korta beslutsv\u00e4gar och specialanpassade projekt<br \/>\u2022 Ett engagerat team med stark yrkesstolthet<br \/>\u2022 L\u00f6n enligt \u00f6verenskommelse (indikativt 30 000\u201335 000 kr\/m\u00e5n beroende p\u00e5 erfarenhet och roll)<\/p><p class=\"isSelectedEnd\">Placering: Vellinge<\/p><p class=\"isSelectedEnd\">Ans\u00f6k genom att skicka CV till <a href=\"mailto:jobb@eltecno.se\">jobb@eltecno.se<\/a><\/p><p class=\"isSelectedEnd\">Urval sker l\u00f6pande.<\/p><p>Fr\u00e5gor om tj\u00e4nsten?<br \/>Kontakta Otto Slezinger, Driftchef<br \/>040-619 96 11<br \/><a href=\"mailto:otto.slezinger@eltecno.se\">otto.slezinger@eltecno.se<\/a><\/p>\t\t\t\t\t\t\t\t<\/div>\n\t\t\t\t\t<\/div>\n\t\t\t\t<\/div>\n\t\t<div class=\"elementor-element elementor-element-b61664c e-con-full e-flex e-con e-parent\" data-id=\"b61664c\" data-element_type=\"container\" data-e-type=\"container\">\n\t\t\t\t<div class=\"elementor-element elementor-element-ed8183c elementor-widget elementor-widget-spacer\" data-id=\"ed8183c\" data-element_type=\"widget\" data-e-type=\"widget\" data-widget_type=\"spacer.default\">\n\t\t\t\t\t\t\t<div class=\"elementor-spacer\">\n\t\t\t<div class=\"elementor-spacer-inner\"><\/div>\n\t\t<\/div>\n\t\t\t\t\t\t<\/div>\n\t\t\t\t<div class=\"elementor-element elementor-element-6ed64d7 elementor-widget elementor-widget-image\" data-id=\"6ed64d7\" data-element_type=\"widget\" data-e-type=\"widget\" data-widget_type=\"image.default\">\n\t\t\t\t\t\t\t\t\t\t\t\t\t\t\t<img fetchpriority=\"high\" decoding=\"async\" width=\"2560\" height=\"1155\" src=\"https:\/\/eltecno.se\/wp-content\/uploads\/2025\/10\/eltecnohemsidabakgrund1-1-scaled.png\" class=\"attachment-full size-full wp-image-4170\" alt=\"Eltecno Vellinge\" srcset=\"https:\/\/eltecno.se\/wp-content\/uploads\/2025\/10\/eltecnohemsidabakgrund1-1-scaled.png 2560w, https:\/\/eltecno.se\/wp-content\/uploads\/2025\/10\/eltecnohemsidabakgrund1-1-600x271.png 600w, https:\/\/eltecno.se\/wp-content\/uploads\/2025\/10\/eltecnohemsidabakgrund1-1-1024x462.png 1024w, https:\/\/eltecno.se\/wp-content\/uploads\/2025\/10\/eltecnohemsidabakgrund1-1-300x135.png 300w, https:\/\/eltecno.se\/wp-content\/uploads\/2025\/10\/eltecnohemsidabakgrund1-1-768x346.png 768w, https:\/\/eltecno.se\/wp-content\/uploads\/2025\/10\/eltecnohemsidabakgrund1-1-1536x693.png 1536w, https:\/\/eltecno.se\/wp-content\/uploads\/2025\/10\/eltecnohemsidabakgrund1-1-2048x924.png 2048w, https:\/\/eltecno.se\/wp-content\/uploads\/2025\/10\/eltecnohemsidabakgrund1-1-900x406.png 900w\" sizes=\"(max-width: 2560px) 100vw, 2560px\" \/>\t\t\t\t\t\t\t\t\t\t\t\t\t\t\t<\/div>\n\t\t\t\t<\/div>\n\t\t<div class=\"elementor-element elementor-element-f2b3be8 e-con-full e-flex e-con e-parent\" data-id=\"f2b3be8\" data-element_type=\"container\" data-e-type=\"container\" data-settings=\"{&quot;background_background&quot;:&quot;classic&quot;}\">\n\t\t\t\t<div class=\"elementor-element elementor-element-3fcb398 elementor-widget elementor-widget-heading\" data-id=\"3fcb398\" data-element_type=\"widget\" data-e-type=\"widget\" data-widget_type=\"heading.default\">\n\t\t\t\t\t<h2 class=\"elementor-heading-title elementor-size-default\">Vem vi \u00e4r<\/h2>\t\t\t\t<\/div>\n\t\t\t\t<\/div>\n\t\t<div class=\"elementor-element elementor-element-70698a24 e-con-full e-flex e-con e-parent\" data-id=\"70698a24\" data-element_type=\"container\" data-e-type=\"container\" data-settings=\"{&quot;background_background&quot;:&quot;classic&quot;}\">\n\t\t<div class=\"elementor-element elementor-element-4d36fb97 e-con-full e-flex e-con e-child\" data-id=\"4d36fb97\" data-element_type=\"container\" data-e-type=\"container\">\n\t\t\t\t<div class=\"elementor-element elementor-element-261bf38 elementor-widget elementor-widget-spacer\" data-id=\"261bf38\" data-element_type=\"widget\" data-e-type=\"widget\" data-widget_type=\"spacer.default\">\n\t\t\t\t\t\t\t<div class=\"elementor-spacer\">\n\t\t\t<div class=\"elementor-spacer-inner\"><\/div>\n\t\t<\/div>\n\t\t\t\t\t\t<\/div>\n\t\t\t\t<div class=\"elementor-element elementor-element-db5cead elementor-view-default elementor-position-block-start elementor-mobile-position-block-start elementor-widget elementor-widget-icon-box\" data-id=\"db5cead\" data-element_type=\"widget\" data-e-type=\"widget\" data-widget_type=\"icon-box.default\">\n\t\t\t\t\t\t\t<div class=\"elementor-icon-box-wrapper\">\n\n\t\t\t\t\t\t<div class=\"elementor-icon-box-icon\">\n\t\t\t\t<span  class=\"elementor-icon\">\n\t\t\t\t<svg aria-hidden=\"true\" class=\"e-font-icon-svg e-fas-people-carry\" viewBox=\"0 0 640 512\" xmlns=\"http:\/\/www.w3.org\/2000\/svg\"><path d=\"M128 96c26.5 0 48-21.5 48-48S154.5 0 128 0 80 21.5 80 48s21.5 48 48 48zm384 0c26.5 0 48-21.5 48-48S538.5 0 512 0s-48 21.5-48 48 21.5 48 48 48zm125.7 372.1l-44-110-41.1 46.4-2 18.2 27.7 69.2c5 12.5 17 20.1 29.7 20.1 4 0 8-.7 11.9-2.3 16.4-6.6 24.4-25.2 17.8-41.6zm-34.2-209.8L585 178.1c-4.6-20-18.6-36.8-37.5-44.9-18.5-8-39-6.7-56.1 3.3-22.7 13.4-39.7 34.5-48.1 59.4L432 229.8 416 240v-96c0-8.8-7.2-16-16-16H240c-8.8 0-16 7.2-16 16v96l-16.1-10.2-11.3-33.9c-8.3-25-25.4-46-48.1-59.4-17.2-10-37.6-11.3-56.1-3.3-18.9 8.1-32.9 24.9-37.5 44.9l-18.4 80.2c-4.6 20 .7 41.2 14.4 56.7l67.2 75.9 10.1 92.6C130 499.8 143.8 512 160 512c1.2 0 2.3-.1 3.5-.2 17.6-1.9 30.2-17.7 28.3-35.3l-10.1-92.8c-1.5-13-6.9-25.1-15.6-35l-43.3-49 17.6-70.3 6.8 20.4c4.1 12.5 11.9 23.4 24.5 32.6l51.1 32.5c4.6 2.9 12.1 4.6 17.2 5h160c5.1-.4 12.6-2.1 17.2-5l51.1-32.5c12.6-9.2 20.4-20 24.5-32.6l6.8-20.4 17.6 70.3-43.3 49c-8.7 9.9-14.1 22-15.6 35l-10.1 92.8c-1.9 17.6 10.8 33.4 28.3 35.3 1.2.1 2.3.2 3.5.2 16.1 0 30-12.1 31.8-28.5l10.1-92.6 67.2-75.9c13.6-15.5 19-36.7 14.4-56.7zM46.3 358.1l-44 110c-6.6 16.4 1.4 35 17.8 41.6 16.8 6.6 35.1-1.7 41.6-17.8l27.7-69.2-2-18.2-41.1-46.4z\"><\/path><\/svg>\t\t\t\t<\/span>\n\t\t\t<\/div>\n\t\t\t\n\t\t\t\t\t\t<div class=\"elementor-icon-box-content\">\n\n\t\t\t\t\t\t\t\t\t<h3 class=\"elementor-icon-box-title\">\n\t\t\t\t\t\t<span  >\n\t\t\t\t\t\t\t60 anst\u00e4llda\t\t\t\t\t\t<\/span>\n\t\t\t\t\t<\/h3>\n\t\t\t\t\n\t\t\t\t\t\t\t\t\t<p class=\"elementor-icon-box-description\">\n\t\t\t\t\t\tVi \u00e4r cirka 60 engagerade medarbetare med egen produktutveckling, konstruktion och design. Allt samlat p\u00e5 v\u00e5rt huvudkontor i Vellinge.\t\t\t\t\t<\/p>\n\t\t\t\t\n\t\t\t<\/div>\n\t\t\t\n\t\t<\/div>\n\t\t\t\t\t\t<\/div>\n\t\t\t\t<div class=\"elementor-element elementor-element-5295130c elementor-widget elementor-widget-spacer\" data-id=\"5295130c\" data-element_type=\"widget\" data-e-type=\"widget\" data-widget_type=\"spacer.default\">\n\t\t\t\t\t\t\t<div class=\"elementor-spacer\">\n\t\t\t<div class=\"elementor-spacer-inner\"><\/div>\n\t\t<\/div>\n\t\t\t\t\t\t<\/div>\n\t\t\t\t<\/div>\n\t\t<div class=\"elementor-element elementor-element-1624f2ba e-con-full e-flex e-con e-child\" data-id=\"1624f2ba\" data-element_type=\"container\" data-e-type=\"container\">\n\t\t\t\t<div class=\"elementor-element elementor-element-aaa6923 elementor-widget elementor-widget-spacer\" data-id=\"aaa6923\" data-element_type=\"widget\" data-e-type=\"widget\" data-widget_type=\"spacer.default\">\n\t\t\t\t\t\t\t<div class=\"elementor-spacer\">\n\t\t\t<div class=\"elementor-spacer-inner\"><\/div>\n\t\t<\/div>\n\t\t\t\t\t\t<\/div>\n\t\t\t\t<div class=\"elementor-element elementor-element-27ced4c8 elementor-view-default elementor-position-block-start elementor-mobile-position-block-start elementor-widget elementor-widget-icon-box\" data-id=\"27ced4c8\" data-element_type=\"widget\" data-e-type=\"widget\" data-widget_type=\"icon-box.default\">\n\t\t\t\t\t\t\t<div class=\"elementor-icon-box-wrapper\">\n\n\t\t\t\t\t\t<div class=\"elementor-icon-box-icon\">\n\t\t\t\t<span  class=\"elementor-icon\">\n\t\t\t\t<svg aria-hidden=\"true\" class=\"e-font-icon-svg e-fas-map-marker-alt\" viewBox=\"0 0 384 512\" xmlns=\"http:\/\/www.w3.org\/2000\/svg\"><path d=\"M172.268 501.67C26.97 291.031 0 269.413 0 192 0 85.961 85.961 0 192 0s192 85.961 192 192c0 77.413-26.97 99.031-172.268 309.67-9.535 13.774-29.93 13.773-39.464 0zM192 272c44.183 0 80-35.817 80-80s-35.817-80-80-80-80 35.817-80 80 35.817 80 80 80z\"><\/path><\/svg>\t\t\t\t<\/span>\n\t\t\t<\/div>\n\t\t\t\n\t\t\t\t\t\t<div class=\"elementor-icon-box-content\">\n\n\t\t\t\t\t\t\t\t\t<h3 class=\"elementor-icon-box-title\">\n\t\t\t\t\t\t<span  >\n\t\t\t\t\t\t\tVellinge, s\u00f6der om Malm\u00f6\t\t\t\t\t\t<\/span>\n\t\t\t\t\t<\/h3>\n\t\t\t\t\n\t\t\t\t\t\t\t\t\t<p class=\"elementor-icon-box-description\">\n\t\t\t\t\t\tAll v\u00e5r tillverkning sker i v\u00e5ra egna moderna lokaler i Vellinge. D\u00e4r kvalitet, precision och svenskt hantverk m\u00f6ts under samma tak med stor noggrannhet.\t\t\t\t\t<\/p>\n\t\t\t\t\n\t\t\t<\/div>\n\t\t\t\n\t\t<\/div>\n\t\t\t\t\t\t<\/div>\n\t\t\t\t<div class=\"elementor-element elementor-element-1c5bbf7b elementor-widget elementor-widget-spacer\" data-id=\"1c5bbf7b\" data-element_type=\"widget\" data-e-type=\"widget\" data-widget_type=\"spacer.default\">\n\t\t\t\t\t\t\t<div class=\"elementor-spacer\">\n\t\t\t<div class=\"elementor-spacer-inner\"><\/div>\n\t\t<\/div>\n\t\t\t\t\t\t<\/div>\n\t\t\t\t<\/div>\n\t\t<div class=\"elementor-element elementor-element-4c91951d e-con-full e-flex e-con e-child\" data-id=\"4c91951d\" data-element_type=\"container\" data-e-type=\"container\">\n\t\t\t\t<div class=\"elementor-element elementor-element-11ab9c80 elementor-widget elementor-widget-spacer\" data-id=\"11ab9c80\" data-element_type=\"widget\" data-e-type=\"widget\" data-widget_type=\"spacer.default\">\n\t\t\t\t\t\t\t<div class=\"elementor-spacer\">\n\t\t\t<div class=\"elementor-spacer-inner\"><\/div>\n\t\t<\/div>\n\t\t\t\t\t\t<\/div>\n\t\t\t\t<div class=\"elementor-element elementor-element-79decb68 elementor-view-default elementor-position-block-start elementor-mobile-position-block-start elementor-widget elementor-widget-icon-box\" data-id=\"79decb68\" data-element_type=\"widget\" data-e-type=\"widget\" data-widget_type=\"icon-box.default\">\n\t\t\t\t\t\t\t<div class=\"elementor-icon-box-wrapper\">\n\n\t\t\t\t\t\t<div class=\"elementor-icon-box-icon\">\n\t\t\t\t<span  class=\"elementor-icon\">\n\t\t\t\t<svg aria-hidden=\"true\" class=\"e-font-icon-svg e-fas-warehouse\" viewBox=\"0 0 640 512\" xmlns=\"http:\/\/www.w3.org\/2000\/svg\"><path d=\"M504 352H136.4c-4.4 0-8 3.6-8 8l-.1 48c0 4.4 3.6 8 8 8H504c4.4 0 8-3.6 8-8v-48c0-4.4-3.6-8-8-8zm0 96H136.1c-4.4 0-8 3.6-8 8l-.1 48c0 4.4 3.6 8 8 8h368c4.4 0 8-3.6 8-8v-48c0-4.4-3.6-8-8-8zm0-192H136.6c-4.4 0-8 3.6-8 8l-.1 48c0 4.4 3.6 8 8 8H504c4.4 0 8-3.6 8-8v-48c0-4.4-3.6-8-8-8zm106.5-139L338.4 3.7a48.15 48.15 0 0 0-36.9 0L29.5 117C11.7 124.5 0 141.9 0 161.3V504c0 4.4 3.6 8 8 8h80c4.4 0 8-3.6 8-8V256c0-17.6 14.6-32 32.6-32h382.8c18 0 32.6 14.4 32.6 32v248c0 4.4 3.6 8 8 8h80c4.4 0 8-3.6 8-8V161.3c0-19.4-11.7-36.8-29.5-44.3z\"><\/path><\/svg>\t\t\t\t<\/span>\n\t\t\t<\/div>\n\t\t\t\n\t\t\t\t\t\t<div class=\"elementor-icon-box-content\">\n\n\t\t\t\t\t\t\t\t\t<h3 class=\"elementor-icon-box-title\">\n\t\t\t\t\t\t<span  >\n\t\t\t\t\t\t\tEtablerat 1993\t\t\t\t\t\t<\/span>\n\t\t\t\t\t<\/h3>\n\t\t\t\t\n\t\t\t\t\t\t\t\t\t<p class=\"elementor-icon-box-description\">\n\t\t\t\t\t\tEltecno grundades 1993 av H\u00e5kan Nilsson och Magnus Fritiofsson, tv\u00e5 entrepren\u00f6rer med en gemensam vision om att skapa h\u00e5llbara och innovativa elcentraler av h\u00f6gsta kvalitet.\t\t\t\t\t<\/p>\n\t\t\t\t\n\t\t\t<\/div>\n\t\t\t\n\t\t<\/div>\n\t\t\t\t\t\t<\/div>\n\t\t\t\t<div class=\"elementor-element elementor-element-5770fc9a elementor-widget elementor-widget-spacer\" data-id=\"5770fc9a\" data-element_type=\"widget\" data-e-type=\"widget\" data-widget_type=\"spacer.default\">\n\t\t\t\t\t\t\t<div class=\"elementor-spacer\">\n\t\t\t<div class=\"elementor-spacer-inner\"><\/div>\n\t\t<\/div>\n\t\t\t\t\t\t<\/div>\n\t\t\t\t<\/div>\n\t\t<div class=\"elementor-element elementor-element-33b03087 e-con-full e-flex e-con e-child\" data-id=\"33b03087\" data-element_type=\"container\" data-e-type=\"container\">\n\t\t\t\t<div class=\"elementor-element elementor-element-4d0e1a elementor-widget elementor-widget-spacer\" data-id=\"4d0e1a\" data-element_type=\"widget\" data-e-type=\"widget\" data-widget_type=\"spacer.default\">\n\t\t\t\t\t\t\t<div class=\"elementor-spacer\">\n\t\t\t<div class=\"elementor-spacer-inner\"><\/div>\n\t\t<\/div>\n\t\t\t\t\t\t<\/div>\n\t\t\t\t<div class=\"elementor-element elementor-element-6d01bc72 elementor-view-default elementor-position-block-start elementor-mobile-position-block-start elementor-widget elementor-widget-icon-box\" data-id=\"6d01bc72\" data-element_type=\"widget\" data-e-type=\"widget\" data-widget_type=\"icon-box.default\">\n\t\t\t\t\t\t\t<div class=\"elementor-icon-box-wrapper\">\n\n\t\t\t\t\t\t<div class=\"elementor-icon-box-icon\">\n\t\t\t\t<span  class=\"elementor-icon\">\n\t\t\t\t<svg aria-hidden=\"true\" class=\"e-font-icon-svg e-fas-project-diagram\" viewBox=\"0 0 640 512\" xmlns=\"http:\/\/www.w3.org\/2000\/svg\"><path d=\"M384 320H256c-17.67 0-32 14.33-32 32v128c0 17.67 14.33 32 32 32h128c17.67 0 32-14.33 32-32V352c0-17.67-14.33-32-32-32zM192 32c0-17.67-14.33-32-32-32H32C14.33 0 0 14.33 0 32v128c0 17.67 14.33 32 32 32h95.72l73.16 128.04C211.98 300.98 232.4 288 256 288h.28L192 175.51V128h224V64H192V32zM608 0H480c-17.67 0-32 14.33-32 32v128c0 17.67 14.33 32 32 32h128c17.67 0 32-14.33 32-32V32c0-17.67-14.33-32-32-32z\"><\/path><\/svg>\t\t\t\t<\/span>\n\t\t\t<\/div>\n\t\t\t\n\t\t\t\t\t\t<div class=\"elementor-icon-box-content\">\n\n\t\t\t\t\t\t\t\t\t<h3 class=\"elementor-icon-box-title\">\n\t\t\t\t\t\t<span  >\n\t\t\t\t\t\t\tLedande tillverkare i Sverige\t\t\t\t\t\t<\/span>\n\t\t\t\t\t<\/h3>\n\t\t\t\t\n\t\t\t\t\t\t\t\t\t<p class=\"elementor-icon-box-description\">\n\t\t\t\t\t\tEltecno \u00e4r idag en av Sveriges ledande tillverkare av elcentraler och st\u00e4llverk. Uppskattade f\u00f6r v\u00e5r kvalitet, innovationskraft och p\u00e5litliga l\u00f6sningar som m\u00f6ter framtidens krav inom industri och byggsektor.\t\t\t\t\t<\/p>\n\t\t\t\t\n\t\t\t<\/div>\n\t\t\t\n\t\t<\/div>\n\t\t\t\t\t\t<\/div>\n\t\t\t\t<div class=\"elementor-element elementor-element-3da284a1 elementor-widget elementor-widget-spacer\" data-id=\"3da284a1\" data-element_type=\"widget\" data-e-type=\"widget\" data-widget_type=\"spacer.default\">\n\t\t\t\t\t\t\t<div class=\"elementor-spacer\">\n\t\t\t<div class=\"elementor-spacer-inner\"><\/div>\n\t\t<\/div>\n\t\t\t\t\t\t<\/div>\n\t\t\t\t<\/div>\n\t\t\t\t<\/div>\n\t\t<div class=\"elementor-element elementor-element-82ef8de e-con-full e-flex e-con e-parent\" data-id=\"82ef8de\" data-element_type=\"container\" data-e-type=\"container\">\n\t\t\t\t<div class=\"elementor-element elementor-element-8f9f0d0 elementor-widget elementor-widget-spacer\" data-id=\"8f9f0d0\" data-element_type=\"widget\" data-e-type=\"widget\" data-widget_type=\"spacer.default\">\n\t\t\t\t\t\t\t<div class=\"elementor-spacer\">\n\t\t\t<div class=\"elementor-spacer-inner\"><\/div>\n\t\t<\/div>\n\t\t\t\t\t\t<\/div>\n\t\t\t\t<\/div>\n\t\t<div class=\"elementor-element elementor-element-7629f74 e-con-full e-flex e-con e-parent\" data-id=\"7629f74\" data-element_type=\"container\" data-e-type=\"container\">\n\t\t\t\t<\/div>\n\t\t<div class=\"elementor-element elementor-element-1be7662 e-con-full e-flex e-con e-parent\" data-id=\"1be7662\" data-element_type=\"container\" data-e-type=\"container\">\n\t\t\t\t<div class=\"elementor-element elementor-element-db03cb3 elementor-widget elementor-widget-spacer\" data-id=\"db03cb3\" data-element_type=\"widget\" data-e-type=\"widget\" data-widget_type=\"spacer.default\">\n\t\t\t\t\t\t\t<div class=\"elementor-spacer\">\n\t\t\t<div class=\"elementor-spacer-inner\"><\/div>\n\t\t<\/div>\n\t\t\t\t\t\t<\/div>\n\t\t\t\t<\/div>\n\t\t<div class=\"elementor-element elementor-element-7b3cad8 e-flex e-con-boxed e-con e-parent\" data-id=\"7b3cad8\" data-element_type=\"container\" data-e-type=\"container\">\n\t\t\t\t\t<div class=\"e-con-inner\">\n\t\t\t\t<div class=\"elementor-element elementor-element-ff0ee87 elementor-widget elementor-widget-spacer\" data-id=\"ff0ee87\" data-element_type=\"widget\" data-e-type=\"widget\" data-widget_type=\"spacer.default\">\n\t\t\t\t\t\t\t<div class=\"elementor-spacer\">\n\t\t\t<div class=\"elementor-spacer-inner\"><\/div>\n\t\t<\/div>\n\t\t\t\t\t\t<\/div>\n\t\t\t\t\t<\/div>\n\t\t\t\t<\/div>\n\t\t\t\t<\/div>\n\t\t","protected":false},"excerpt":{"rendered":"<p>Jobba hos oss! Hos Eltecno tror vi att v\u00e4gen till framg\u00e5ng b\u00f6rjar med m\u00e4nniskorna bakom tekniken. Vi \u00e4r ett v\u00e4xande [&hellip;]<\/p>\n","protected":false},"author":1,"featured_media":0,"parent":0,"menu_order":0,"comment_status":"closed","ping_status":"closed","template":"","meta":{"_acf_changed":false,"_monsterinsights_skip_tracking":false,"site-sidebar-layout":"default","site-content-layout":"","ast-site-content-layout":"default","site-content-style":"default","site-sidebar-style":"default","ast-global-header-display":"","ast-banner-title-visibility":"","ast-main-header-display":"","ast-hfb-above-header-display":"","ast-hfb-below-header-display":"","ast-hfb-mobile-header-display":"","site-post-title":"disabled","ast-breadcrumbs-content":"","ast-featured-img":"","footer-sml-layout":"","ast-disable-related-posts":"","theme-transparent-header-meta":"","adv-header-id-meta":"","stick-header-meta":"","header-above-stick-meta":"","header-main-stick-meta":"","header-below-stick-meta":"","astra-migrate-meta-layouts":"default","ast-page-background-enabled":"default","ast-page-background-meta":{"desktop":{"background-color":"var(--ast-global-color-5)","background-image":"","background-repeat":"repeat","background-position":"center center","background-size":"auto","background-attachment":"scroll","background-type":"","background-media":"","overlay-type":"","overlay-color":"","overlay-opacity":"","overlay-gradient":""},"tablet":{"background-color":"","background-image":"","background-repeat":"repeat","background-position":"center center","background-size":"auto","background-attachment":"scroll","background-type":"","background-media":"","overlay-type":"","overlay-color":"","overlay-opacity":"","overlay-gradient":""},"mobile":{"background-color":"","background-image":"","background-repeat":"repeat","background-position":"center center","background-size":"auto","background-attachment":"scroll","background-type":"","background-media":"","overlay-type":"","overlay-color":"","overlay-opacity":"","overlay-gradient":""}},"ast-content-background-meta":{"desktop":{"background-color":"var(--ast-global-color-4)","background-image":"","background-repeat":"repeat","background-position":"center center","background-size":"auto","background-attachment":"scroll","background-type":"","background-media":"","overlay-type":"","overlay-color":"","overlay-opacity":"","overlay-gradient":""},"tablet":{"background-color":"var(--ast-global-color-4)","background-image":"","background-repeat":"repeat","background-position":"center center","background-size":"auto","background-attachment":"scroll","background-type":"","background-media":"","overlay-type":"","overlay-color":"","overlay-opacity":"","overlay-gradient":""},"mobile":{"background-color":"var(--ast-global-color-4)","background-image":"","background-repeat":"repeat","background-position":"center center","background-size":"auto","background-attachment":"scroll","background-type":"","background-media":"","overlay-type":"","overlay-color":"","overlay-opacity":"","overlay-gradient":""}},"footnotes":""},"class_list":["post-148","page","type-page","status-publish","hentry"],"acf":[],"yoast_head":"<!-- This site is optimized with the Yoast SEO plugin v28.3 - https:\/\/yoast.com\/product\/yoast-seo-wordpress\/ -->\n<title>Karri\u00e4r -<\/title>\n<meta name=\"robots\" content=\"index, follow, max-snippet:-1, max-image-preview:large, max-video-preview:-1\" \/>\n<link rel=\"canonical\" href=\"https:\/\/eltecno.se\/?page_id=148\" \/>\n<meta property=\"og:locale\" content=\"sv_SE\" \/>\n<meta property=\"og:type\" content=\"article\" \/>\n<meta property=\"og:title\" content=\"Karri\u00e4r -\" \/>\n<meta property=\"og:description\" content=\"Jobba hos oss! Hos Eltecno tror vi att v\u00e4gen till framg\u00e5ng b\u00f6rjar med m\u00e4nniskorna bakom tekniken. Vi \u00e4r ett v\u00e4xande [&hellip;]\" \/>\n<meta property=\"og:url\" content=\"https:\/\/eltecno.se\/?page_id=148\" \/>\n<meta property=\"article:publisher\" content=\"https:\/\/www.linkedin.com\/company\/eltecno-ab\/?viewAsMember=true\" \/>\n<meta property=\"article:modified_time\" content=\"2026-09-03T05:44:16+00:00\" \/>\n<meta property=\"og:image\" content=\"https:\/\/eltecno.se\/wp-content\/uploads\/2025\/10\/Linkedin-logo-liggande.png\" \/>\n\t<meta property=\"og:image:width\" content=\"726\" \/>\n\t<meta property=\"og:image:height\" content=\"184\" \/>\n\t<meta property=\"og:image:type\" content=\"image\/png\" \/>\n<meta name=\"twitter:card\" content=\"summary_large_image\" \/>\n<meta name=\"twitter:label1\" content=\"Ber\u00e4knad l\u00e4stid\" \/>\n\t<meta name=\"twitter:data1\" content=\"4 minuter\" \/>\n<script type=\"application\/ld+json\" class=\"yoast-schema-graph\">{\"@context\":\"https:\\\/\\\/schema.org\",\"@graph\":[{\"@type\":\"WebPage\",\"@id\":\"https:\\\/\\\/eltecno.se\\\/?page_id=148\",\"url\":\"https:\\\/\\\/eltecno.se\\\/?page_id=148\",\"name\":\"Karri\u00e4r -\",\"isPartOf\":{\"@id\":\"https:\\\/\\\/eltecno.se\\\/#website\"},\"primaryImageOfPage\":{\"@id\":\"https:\\\/\\\/eltecno.se\\\/?page_id=148#primaryimage\"},\"image\":{\"@id\":\"https:\\\/\\\/eltecno.se\\\/?page_id=148#primaryimage\"},\"thumbnailUrl\":\"https:\\\/\\\/eltecno.se\\\/wp-content\\\/uploads\\\/2025\\\/10\\\/Linkedin-logo-liggande-300x76.png\",\"datePublished\":\"2022-02-22T08:15:57+00:00\",\"dateModified\":\"2026-09-03T05:44:16+00:00\",\"breadcrumb\":{\"@id\":\"https:\\\/\\\/eltecno.se\\\/?page_id=148#breadcrumb\"},\"inLanguage\":\"sv-SE\",\"potentialAction\":[{\"@type\":\"ReadAction\",\"target\":[\"https:\\\/\\\/eltecno.se\\\/?page_id=148\"]}]},{\"@type\":\"ImageObject\",\"inLanguage\":\"sv-SE\",\"@id\":\"https:\\\/\\\/eltecno.se\\\/?page_id=148#primaryimage\",\"url\":\"https:\\\/\\\/eltecno.se\\\/wp-content\\\/uploads\\\/2025\\\/10\\\/Linkedin-logo-liggande.png\",\"contentUrl\":\"https:\\\/\\\/eltecno.se\\\/wp-content\\\/uploads\\\/2025\\\/10\\\/Linkedin-logo-liggande.png\",\"width\":726,\"height\":184,\"caption\":\"Linkedin logo liggande\"},{\"@type\":\"BreadcrumbList\",\"@id\":\"https:\\\/\\\/eltecno.se\\\/?page_id=148#breadcrumb\",\"itemListElement\":[{\"@type\":\"ListItem\",\"position\":1,\"name\":\"Hem\",\"item\":\"https:\\\/\\\/eltecno.se\\\/\"},{\"@type\":\"ListItem\",\"position\":2,\"name\":\"Karri\u00e4r\"}]},{\"@type\":\"WebSite\",\"@id\":\"https:\\\/\\\/eltecno.se\\\/#website\",\"url\":\"https:\\\/\\\/eltecno.se\\\/\",\"name\":\"Eltecno\",\"description\":\"N\u00e4r du vill vara i fas med livet\",\"publisher\":{\"@id\":\"https:\\\/\\\/eltecno.se\\\/#organization\"},\"potentialAction\":[{\"@type\":\"SearchAction\",\"target\":{\"@type\":\"EntryPoint\",\"urlTemplate\":\"https:\\\/\\\/eltecno.se\\\/?s={search_term_string}\"},\"query-input\":{\"@type\":\"PropertyValueSpecification\",\"valueRequired\":true,\"valueName\":\"search_term_string\"}}],\"inLanguage\":\"sv-SE\"},{\"@type\":\"Organization\",\"@id\":\"https:\\\/\\\/eltecno.se\\\/#organization\",\"name\":\"Eltecno\",\"url\":\"https:\\\/\\\/eltecno.se\\\/\",\"logo\":{\"@type\":\"ImageObject\",\"inLanguage\":\"sv-SE\",\"@id\":\"https:\\\/\\\/eltecno.se\\\/#\\\/schema\\\/logo\\\/image\\\/\",\"url\":\"https:\\\/\\\/eltecno.se\\\/wp-content\\\/uploads\\\/2025\\\/11\\\/cropped-Eltecno-logotyp-liggande.png\",\"contentUrl\":\"https:\\\/\\\/eltecno.se\\\/wp-content\\\/uploads\\\/2025\\\/11\\\/cropped-Eltecno-logotyp-liggande.png\",\"width\":1494,\"height\":316,\"caption\":\"Eltecno\"},\"image\":{\"@id\":\"https:\\\/\\\/eltecno.se\\\/#\\\/schema\\\/logo\\\/image\\\/\"},\"sameAs\":[\"https:\\\/\\\/www.linkedin.com\\\/company\\\/eltecno-ab\\\/?viewAsMember=true\"]}]}<\/script>\n<!-- \/ Yoast SEO plugin. -->","yoast_head_json":{"title":"Karri\u00e4r -","robots":{"index":"index","follow":"follow","max-snippet":"max-snippet:-1","max-image-preview":"max-image-preview:large","max-video-preview":"max-video-preview:-1"},"canonical":"https:\/\/eltecno.se\/?page_id=148","og_locale":"sv_SE","og_type":"article","og_title":"Karri\u00e4r -","og_description":"Jobba hos oss! Hos Eltecno tror vi att v\u00e4gen till framg\u00e5ng b\u00f6rjar med m\u00e4nniskorna bakom tekniken. Vi \u00e4r ett v\u00e4xande [&hellip;]","og_url":"https:\/\/eltecno.se\/?page_id=148","article_publisher":"https:\/\/www.linkedin.com\/company\/eltecno-ab\/?viewAsMember=true","article_modified_time":"2026-09-03T05:44:16+00:00","og_image":[{"width":726,"height":184,"url":"https:\/\/eltecno.se\/wp-content\/uploads\/2025\/10\/Linkedin-logo-liggande.png","type":"image\/png"}],"twitter_card":"summary_large_image","twitter_misc":{"Ber\u00e4knad l\u00e4stid":"4 minuter"},"schema":{"@context":"https:\/\/schema.org","@graph":[{"@type":"WebPage","@id":"https:\/\/eltecno.se\/?page_id=148","url":"https:\/\/eltecno.se\/?page_id=148","name":"Karri\u00e4r -","isPartOf":{"@id":"https:\/\/eltecno.se\/#website"},"primaryImageOfPage":{"@id":"https:\/\/eltecno.se\/?page_id=148#primaryimage"},"image":{"@id":"https:\/\/eltecno.se\/?page_id=148#primaryimage"},"thumbnailUrl":"https:\/\/eltecno.se\/wp-content\/uploads\/2025\/10\/Linkedin-logo-liggande-300x76.png","datePublished":"2022-02-22T08:15:57+00:00","dateModified":"2026-09-03T05:44:16+00:00","breadcrumb":{"@id":"https:\/\/eltecno.se\/?page_id=148#breadcrumb"},"inLanguage":"sv-SE","potentialAction":[{"@type":"ReadAction","target":["https:\/\/eltecno.se\/?page_id=148"]}]},{"@type":"ImageObject","inLanguage":"sv-SE","@id":"https:\/\/eltecno.se\/?page_id=148#primaryimage","url":"https:\/\/eltecno.se\/wp-content\/uploads\/2025\/10\/Linkedin-logo-liggande.png","contentUrl":"https:\/\/eltecno.se\/wp-content\/uploads\/2025\/10\/Linkedin-logo-liggande.png","width":726,"height":184,"caption":"Linkedin logo liggande"},{"@type":"BreadcrumbList","@id":"https:\/\/eltecno.se\/?page_id=148#breadcrumb","itemListElement":[{"@type":"ListItem","position":1,"name":"Hem","item":"https:\/\/eltecno.se\/"},{"@type":"ListItem","position":2,"name":"Karri\u00e4r"}]},{"@type":"WebSite","@id":"https:\/\/eltecno.se\/#website","url":"https:\/\/eltecno.se\/","name":"Eltecno","description":"N\u00e4r du vill vara i fas med livet","publisher":{"@id":"https:\/\/eltecno.se\/#organization"},"potentialAction":[{"@type":"SearchAction","target":{"@type":"EntryPoint","urlTemplate":"https:\/\/eltecno.se\/?s={search_term_string}"},"query-input":{"@type":"PropertyValueSpecification","valueRequired":true,"valueName":"search_term_string"}}],"inLanguage":"sv-SE"},{"@type":"Organization","@id":"https:\/\/eltecno.se\/#organization","name":"Eltecno","url":"https:\/\/eltecno.se\/","logo":{"@type":"ImageObject","inLanguage":"sv-SE","@id":"https:\/\/eltecno.se\/#\/schema\/logo\/image\/","url":"https:\/\/eltecno.se\/wp-content\/uploads\/2025\/11\/cropped-Eltecno-logotyp-liggande.png","contentUrl":"https:\/\/eltecno.se\/wp-content\/uploads\/2025\/11\/cropped-Eltecno-logotyp-liggande.png","width":1494,"height":316,"caption":"Eltecno"},"image":{"@id":"https:\/\/eltecno.se\/#\/schema\/logo\/image\/"},"sameAs":["https:\/\/www.linkedin.com\/company\/eltecno-ab\/?viewAsMember=true"]}]}},"_links":{"self":[{"href":"https:\/\/eltecno.se\/index.php?rest_route=\/wp\/v2\/pages\/148","targetHints":{"allow":["GET"]}}],"collection":[{"href":"https:\/\/eltecno.se\/index.php?rest_route=\/wp\/v2\/pages"}],"about":[{"href":"https:\/\/eltecno.se\/index.php?rest_route=\/wp\/v2\/types\/page"}],"replies":[{"embeddable":true,"href":"https:\/\/eltecno.se\/index.php?rest_route=%2Fwp%2Fv2%2Fcomments&post=148"}],"version-history":[{"count":192,"href":"https:\/\/eltecno.se\/index.php?rest_route=\/wp\/v2\/pages\/148\/revisions"}],"predecessor-version":[{"id":5850,"href":"https:\/\/eltecno.se\/index.php?rest_route=\/wp\/v2\/pages\/148\/revisions\/5850"}],"wp:attachment":[{"href":"https:\/\/eltecno.se\/index.php?rest_route=%2Fwp%2Fv2%2Fmedia&parent=148"}],"curies":[{"name":"wp","href":"https:\/\/api.w.org\/{rel}","templated":true}]}}